{"id":75,"date":"2019-05-06T09:07:57","date_gmt":"2019-05-06T09:07:57","guid":{"rendered":"https:\/\/dorotheebegue.com\/?page_id=75"},"modified":"2024-05-13T14:54:59","modified_gmt":"2024-05-13T12:54:59","slug":"evenements","status":"publish","type":"page","link":"https:\/\/dorotheebegue.com\/en\/evenements\/","title":{"rendered":"Exhibitions"},"content":{"rendered":"<p><a href=\"#corps\">A venir \u00a0<\/a><\/p>\n<p><a href=\"#25\">Expositions Personnelles \u00a0<\/a><\/p>\n<p><a href=\"#\">Expositions Collectives\u00a0<\/a><\/p>\n<p><a href=\"#cv\">CV \u00e0 t\u00e9l\u00e9charger<\/a><\/p>\n<section style=\"\" >\n<\/section>\n<p><!-- widget-container -->\t\t<\/p>\n<h2><a href=\"#corps\">A venir<\/a><\/h2>\n<p><em><strong>Corps (d\u00e9s) Accords<\/strong><\/em><\/p>\n<p>Art, mode, f\u00e9tichisme.<\/p>\n<p>Le collectif Playmode invite Doroth\u00e9e B\u00e9gu\u00e9 pour son exposition \u00ab\u00a0Corps (d\u00e9s) Accords\u00a0\u00bb.\u00a0<\/p>\n<p>Centre des expositions, 2 rue Paul Courboulay, Le Mans du samedi 9 au dimanche 31 octobre 2021.<\/p>\n<p>Entr\u00e9e libre, \u00e9v\u00e8nements sur facebook.com\/CollectifPlayMode.<\/p>\n<p>Vernissage le samedi 9 octobre \u00e0 18h30<\/p>\n<h2><a href=\"#25\">Expositions Personnelles<\/a><\/h2>\n<p><strong><em>Exhibitions\u00a0<\/em><\/strong><\/p>\n<p>2020\u00a0 \u00a0\u00a0<\/p>\n<p>Montreux Suisse<\/p>\n<p>2019\u00a0 \u00a0\u00a0<\/p>\n<p>Le garage, Chantenay<\/p>\n<p>Ch\u00e2teau de la Plingueti\u00e8re, Saint-Aignan-Grandlieu\u00a0<\/p>\n<p>La balade des ateliers, Chantenay<\/p>\n<p>2018\u00a0 \u00a0\u00a0<\/p>\n<p>Maison des Etats-Unis, Nantes<\/p>\n<p>2017\u00a0 \u00a0\u00a0<\/p>\n<p>Atelier Alain Le Bras, Nantes<\/p>\n<p>H\u00f4tel Radisson blu, Nantes<\/p>\n<p>Maison des Etats-Unis, Nantes<\/p>\n<p>2016\u00a0 \u00a0\u00a0<\/p>\n<p>Maison des Etats-Unis, Nantes<\/p>\n<p>2015\u00a0 \u00a0\u00a0<\/p>\n<p>L&rsquo;art prend l&rsquo;air, Nantes<\/p>\n<p>2014\u00a0 \u00a0\u00a0<\/p>\n<p>L&rsquo;art prend l&rsquo;air, Nantes<\/p>\n<p>2013\u00a0 \u00a0\u00a0<\/p>\n<p>L&rsquo;art prend l&rsquo;air, Nantes<\/p>\n<p>2012\u00a0 \u00a0\u00a0<\/p>\n<p>Animale, Turquant<\/p>\n<p>L&rsquo;art prend l&rsquo;air, Nantes<\/p>\n<p>2011 \u00a0 \u00a0<\/p>\n<p>L&rsquo;art prend l&rsquo;air, Nantes<\/p>\n<p>2010 \u00a0 \u00a0<\/p>\n<p>Salon In Out, Nantes<\/p>\n<p>L&rsquo;art prend l&rsquo;air, Nantes<\/p>\n<p>1999\u00a0 \u00a0\u00a0<\/p>\n<p>H\u00f4tel de Ville, Turquant<\/p>\n<p><strong><em>D<\/em><\/strong><strong style=\"color: var( --e-global-color-text ); font-family: var( --e-global-typography-text-font-family ), Sans-serif;\"><em>\u00e9fil\u00e9s de parures et costumes<\/em><\/strong><\/p>\n<p>2018\u00a0 \u00a0\u00a0<\/p>\n<p>Helfest, Clisson<\/p>\n<p><em><strong>Performances<\/strong><\/em><\/p>\n<p>2002\u00a0 \u00a0\u00a0<\/p>\n<p>Le Baiser, installation interactive et r\u00e9alisation vid\u00e9o, Nantes<\/p>\n<p><em><strong>Shooting<\/strong><\/em><\/p>\n<p>2020\u00a0 \u00a0\u00a0<\/p>\n<p>Shooting \u00e0 l&rsquo;h\u00f4tel Vice Versa de Chantal Thomas, Paris<\/p>\n<p>Shooting \u00e0 l&rsquo;h\u00f4tel de France, Nantes<\/p>\n<p>2019\u00a0 \u00a0\u00a0<\/p>\n<p>Shooting pour la marque californienne Capitola, Radisson blu, Nantes<\/p>\n<p>2017\u00a0 \u00a0\u00a0<\/p>\n<p>Photographe Eric Boumard Charrier, Trentemoult<\/p>\n<p>2015\u00a0 \u00a0\u00a0<\/p>\n<p>Soci\u00e9t\u00e9 Hairbusiness pour le concours Schwartzkopf, Saint Herblain<\/p>\n<p>Photographe Eric Boumard Charrier, Nantes<\/p>\n<p>2014\u00a0 \u00a0\u00a0<\/p>\n<p>Shooting pour la chanteuse M\u00e9lissa Mars, Lieu Unique, Nantes<\/p>\n<p>Magazine So Chic, Nantes<\/p>\n<p><strong><em>R\u00e9sidences<\/em><\/strong><\/p>\n<p>2015\u00a0 \u00a0\u00a0<\/p>\n<p>R\u00e9alisation de sculptures pour la ville de Saumur<\/p>\n<p><em><strong>Divers<\/strong><\/em><\/p>\n<p>2019\u00a0 \u00a0\u00a0<\/p>\n<p>Cr\u00e9ation du groupe international Friends 4 Business<\/p>\n<p>2004\u00a0 \u00a0\u00a0<\/p>\n<p>Cr\u00e9ation d&rsquo;EQUO, association d&rsquo;artistes, Puteaux<\/p>\n<p><em><strong>Awards<\/strong><\/em><\/p>\n<p>2011\u00a0 \u00a0\u00a0<\/p>\n<p>Prix Claude Cahun, Nantes<\/p>\n<h2>Expositions Collectives<\/h2>\n<p><strong><em>Exhibitions<\/em><\/strong><\/p>\n<p>2021&nbsp; &nbsp;&nbsp;<\/p>\n<p>Corps (d\u00e9s) Accords, Centre des expositions, Le Mans<\/p>\n<p>Cr\u00e9atures, La galerie Quartus, Nantes<\/p>\n<p>2018&nbsp; &nbsp;&nbsp;<\/p>\n<p>Les machines de l&rsquo;\u00eele, Nantes<\/p>\n<p>2017&nbsp; &nbsp;&nbsp;<\/p>\n<p>Caf\u00e9 des N\u00e9gociants, Rez\u00e9<\/p>\n<p>2016&nbsp; &nbsp;&nbsp;<\/p>\n<p>Ambiance, Caf\u00e9 des N\u00e9gociants, Rez\u00e9<\/p>\n<p>La nuit tous les chats sont gris, Arteva, Nantes<\/p>\n<p>La nuit des galeries, Caf\u00e9 des N\u00e9gociants, Rez\u00e9<\/p>\n<p>2015&nbsp; &nbsp;&nbsp;<\/p>\n<p>Caf\u00e9 des N\u00e9gociants, Rez\u00e9<\/p>\n<p>2014&nbsp; &nbsp;&nbsp;<\/p>\n<p>Galerie Lo\u00efc Vall\u00e9e, Nantes<\/p>\n<p>La nuit tous les chats sont gris, Arteva, Nantes<\/p>\n<p>Le petit march\u00e9 de l&rsquo;art, Galerie Le Rayon Vert, Nantes<\/p>\n<p>2013&nbsp; &nbsp;&nbsp;<\/p>\n<p>18 artistes au pied du mu, Galerie Le Rayon Vert, Nantes<\/p>\n<p>2011&nbsp; &nbsp;&nbsp;<\/p>\n<p>Vestiges, Espace C, Nantes<\/p>\n<p>2010&nbsp; &nbsp;&nbsp;<\/p>\n<p>Douce folie, Espace C, Nantes<\/p>\n<p>2009&nbsp; &nbsp;&nbsp;<\/p>\n<p>Accessoires, atelier Ceramics, Nantes<\/p>\n<p>Atelier Art&rsquo;m, Nantes<\/p>\n<p>2008&nbsp; &nbsp;&nbsp;<\/p>\n<p>Atelier Art&rsquo;m, Nantes<\/p>\n<p>2005&nbsp; &nbsp;&nbsp;<\/p>\n<p>Atelier Art&rsquo;m, Nantes<\/p>\n<p>2003&nbsp; &nbsp;&nbsp;<\/p>\n<p>EQUO, Puteaux<\/p>\n<p><em><strong>D\u00e9fil\u00e9s de parures et costumes<\/strong><\/em><\/p>\n<p>2017&nbsp; &nbsp;&nbsp;<\/p>\n<p>Nantes Fashion days, La cale des cr\u00e9ateurs, Nantes<\/p>\n<p>2001&nbsp; &nbsp;&nbsp;<\/p>\n<p>Festival Les Plurielles, Rouen<\/p>\n<p>2000&nbsp; &nbsp;&nbsp;<\/p>\n<p>Festival Les Floralies, Nantes<\/p>\n<p>1999&nbsp; &nbsp;&nbsp;<\/p>\n<p>Cit\u00e9 des Congr\u00e8s, avec le plasticien C\u00e9dric Tanguy, Nantes<\/p>\n<p>1998&nbsp; &nbsp;&nbsp;<\/p>\n<p>Usine Lu, Nantes<\/p>\n<p><em><strong>Performances<\/strong><\/em><\/p>\n<p>2012&nbsp; &nbsp;&nbsp;<\/p>\n<p>Performance avec Bibbe Hansen de la Factory d&rsquo;Andy Warhol, Rennes<\/p>\n<p><em><strong>Shootings<\/strong><\/em><\/p>\n<p>2016&nbsp; &nbsp;&nbsp;<\/p>\n<p>Magazine Kiss city mag, Nantes<\/p>\n<p><em><strong>R\u00e9sidences<\/strong><\/em><\/p>\n<p>2015&nbsp; &nbsp;&nbsp;<\/p>\n<p>Galerie Lo\u00efc Vall\u00e9e, Nantes<\/p>\n<p>2014&nbsp; &nbsp;&nbsp;<\/p>\n<p>Galerie Lo\u00efc Vall\u00e9e, Nantes<\/p>\n<p>2012&nbsp; &nbsp;&nbsp;<\/p>\n<p>Workshop Post Catastrophe collaboration de Lydia Lunch, Rennes<\/p>\n<p><em><strong>Divers<\/strong><\/em><\/p>\n<p>2012&nbsp; &nbsp;&nbsp;<\/p>\n<p>Participation \u00e0 la Pecha kucha, \u00e9cole d&rsquo;architecture, Nantes<\/p>\n<p>&nbsp;<\/p>\n<p>\t\t\t<a href=\"https:\/\/dorotheebegue.com\/en\/evenements\/image-png\/\" role=\"button\"><br \/>\n\t\t\t\t\t\tCV \u00e0 t\u00e9l\u00e9charger<br \/>\n\t\t\t\t\t<\/a><\/p>","protected":false},"excerpt":{"rendered":"<p>A venir \u00a0 Expositions Personnelles \u00a0 Expositions Collectives\u00a0 CV \u00e0 t\u00e9l\u00e9charger A venir Corps (d\u00e9s) Accords Art, mode, f\u00e9tichisme. Le collectif Playmode invite Doroth\u00e9e B\u00e9gu\u00e9 pour son exposition \u00ab\u00a0Corps (d\u00e9s) Accords\u00a0\u00bb.\u00a0 Centre des expositions, 2 rue Paul Courboulay, Le Mans du samedi 9 au dimanche 31 octobre 2021. Entr\u00e9e libre, \u00e9v\u00e8nements sur facebook.com\/CollectifPlayMode. Vernissage le [&hellip;]<\/p>\n","protected":false},"author":1,"featured_media":0,"parent":0,"menu_order":0,"comment_status":"closed","ping_status":"closed","template":"","meta":{"footnotes":""},"class_list":["post-75","page","type-page","status-publish","hentry"],"yoast_head":"<!-- This site is optimized with the Yoast SEO plugin v27.5 - https:\/\/yoast.com\/product\/yoast-seo-wordpress\/ -->\n<title>Expositions - Doroth\u00e9e B\u00e9gu\u00e9, Plasticienne<\/title>\n<meta name=\"robots\" content=\"index, follow, max-snippet:-1, max-image-preview:large, max-video-preview:-1\" \/>\n<link rel=\"canonical\" href=\"https:\/\/dorotheebegue.com\/en\/evenements\/\" \/>\n<meta property=\"og:locale\" content=\"en_GB\" \/>\n<meta property=\"og:type\" content=\"article\" \/>\n<meta property=\"og:title\" content=\"Expositions - Doroth\u00e9e B\u00e9gu\u00e9, Plasticienne\" \/>\n<meta property=\"og:description\" content=\"A venir \u00a0 Expositions Personnelles \u00a0 Expositions Collectives\u00a0 CV \u00e0 t\u00e9l\u00e9charger A venir Corps (d\u00e9s) Accords Art, mode, f\u00e9tichisme. Le collectif Playmode invite Doroth\u00e9e B\u00e9gu\u00e9 pour son exposition \u00ab\u00a0Corps (d\u00e9s) Accords\u00a0\u00bb.\u00a0 Centre des expositions, 2 rue Paul Courboulay, Le Mans du samedi 9 au dimanche 31 octobre 2021. Entr\u00e9e libre, \u00e9v\u00e8nements sur facebook.com\/CollectifPlayMode. Vernissage le [&hellip;]\" \/>\n<meta property=\"og:url\" content=\"https:\/\/dorotheebegue.com\/en\/evenements\/\" \/>\n<meta property=\"og:site_name\" content=\"Doroth\u00e9e B\u00e9gu\u00e9, Plasticienne\" \/>\n<meta property=\"article:modified_time\" content=\"2024-05-13T12:54:59+00:00\" \/>\n<meta property=\"og:image\" content=\"https:\/\/i0.wp.com\/dorotheebegue.com\/wp-content\/uploads\/2019\/05\/logo-dorotheebegue.png?fit=842%2C595&ssl=1\" \/>\n\t<meta property=\"og:image:width\" content=\"842\" \/>\n\t<meta property=\"og:image:height\" content=\"595\" \/>\n\t<meta property=\"og:image:type\" content=\"image\/png\" \/>\n<meta name=\"twitter:card\" content=\"summary_large_image\" \/>\n<meta name=\"twitter:label1\" content=\"Estimated reading time\" \/>\n\t<meta name=\"twitter:data1\" content=\"3 minutes\" \/>\n<!-- \/ Yoast SEO plugin. -->","yoast_head_json":{"title":"Expositions - Doroth\u00e9e B\u00e9gu\u00e9, Plasticienne","robots":{"index":"index","follow":"follow","max-snippet":"max-snippet:-1","max-image-preview":"max-image-preview:large","max-video-preview":"max-video-preview:-1"},"canonical":"https:\/\/dorotheebegue.com\/en\/evenements\/","og_locale":"en_GB","og_type":"article","og_title":"Expositions - Doroth\u00e9e B\u00e9gu\u00e9, Plasticienne","og_description":"A venir \u00a0 Expositions Personnelles \u00a0 Expositions Collectives\u00a0 CV \u00e0 t\u00e9l\u00e9charger A venir Corps (d\u00e9s) Accords Art, mode, f\u00e9tichisme. Le collectif Playmode invite Doroth\u00e9e B\u00e9gu\u00e9 pour son exposition \u00ab\u00a0Corps (d\u00e9s) Accords\u00a0\u00bb.\u00a0 Centre des expositions, 2 rue Paul Courboulay, Le Mans du samedi 9 au dimanche 31 octobre 2021. Entr\u00e9e libre, \u00e9v\u00e8nements sur facebook.com\/CollectifPlayMode. Vernissage le [&hellip;]","og_url":"https:\/\/dorotheebegue.com\/en\/evenements\/","og_site_name":"Doroth\u00e9e B\u00e9gu\u00e9, Plasticienne","article_modified_time":"2024-05-13T12:54:59+00:00","og_image":[{"width":842,"height":595,"url":"https:\/\/i0.wp.com\/dorotheebegue.com\/wp-content\/uploads\/2019\/05\/logo-dorotheebegue.png?fit=842%2C595&ssl=1","type":"image\/png"}],"twitter_card":"summary_large_image","twitter_misc":{"Estimated reading time":"3 minutes"},"schema":{"@context":"https:\/\/schema.org","@graph":[{"@type":"WebPage","@id":"https:\/\/dorotheebegue.com\/evenements\/","url":"https:\/\/dorotheebegue.com\/evenements\/","name":"Expositions - Doroth\u00e9e B\u00e9gu\u00e9, Plasticienne","isPartOf":{"@id":"https:\/\/dorotheebegue.com\/#website"},"datePublished":"2019-05-06T09:07:57+00:00","dateModified":"2024-05-13T12:54:59+00:00","breadcrumb":{"@id":"https:\/\/dorotheebegue.com\/evenements\/#breadcrumb"},"inLanguage":"en-GB","potentialAction":[{"@type":"ReadAction","target":["https:\/\/dorotheebegue.com\/evenements\/"]}]},{"@type":"BreadcrumbList","@id":"https:\/\/dorotheebegue.com\/evenements\/#breadcrumb","itemListElement":[{"@type":"ListItem","position":1,"name":"Accueil","item":"https:\/\/dorotheebegue.com\/"},{"@type":"ListItem","position":2,"name":"Expositions"}]},{"@type":"WebSite","@id":"https:\/\/dorotheebegue.com\/#website","url":"https:\/\/dorotheebegue.com\/","name":"Doroth\u00e9e B\u00e9gu\u00e9, Plasticienne","description":"Plasticienne, sculptures, parures, accessoires","publisher":{"@id":"https:\/\/dorotheebegue.com\/#\/schema\/person\/63d9b3bd3f622353bbf89b7a4de93c0d"},"potentialAction":[{"@type":"SearchAction","target":{"@type":"EntryPoint","urlTemplate":"https:\/\/dorotheebegue.com\/?s={search_term_string}"},"query-input":{"@type":"PropertyValueSpecification","valueRequired":true,"valueName":"search_term_string"}}],"inLanguage":"en-GB"},{"@type":["Person","Organization"],"@id":"https:\/\/dorotheebegue.com\/#\/schema\/person\/63d9b3bd3f622353bbf89b7a4de93c0d","name":"Doroth\u00e9e B\u00e9gu\u00e9","image":{"@type":"ImageObject","inLanguage":"en-GB","@id":"https:\/\/i0.wp.com\/www.dorotheebegue.com\/wp-content\/uploads\/2019\/05\/logo-dorotheebegue.png?fit=842%2C595&ssl=1","url":"https:\/\/i0.wp.com\/www.dorotheebegue.com\/wp-content\/uploads\/2019\/05\/logo-dorotheebegue.png?fit=842%2C595&ssl=1","contentUrl":"https:\/\/i0.wp.com\/www.dorotheebegue.com\/wp-content\/uploads\/2019\/05\/logo-dorotheebegue.png?fit=842%2C595&ssl=1","width":842,"height":595,"caption":"Doroth\u00e9e B\u00e9gu\u00e9"},"logo":{"@id":"https:\/\/i0.wp.com\/www.dorotheebegue.com\/wp-content\/uploads\/2019\/05\/logo-dorotheebegue.png?fit=842%2C595&ssl=1"}}]}},"jetpack_sharing_enabled":true,"_links":{"self":[{"href":"https:\/\/dorotheebegue.com\/en\/wp-json\/wp\/v2\/pages\/75","targetHints":{"allow":["GET"]}}],"collection":[{"href":"https:\/\/dorotheebegue.com\/en\/wp-json\/wp\/v2\/pages"}],"about":[{"href":"https:\/\/dorotheebegue.com\/en\/wp-json\/wp\/v2\/types\/page"}],"author":[{"embeddable":true,"href":"https:\/\/dorotheebegue.com\/en\/wp-json\/wp\/v2\/users\/1"}],"replies":[{"embeddable":true,"href":"https:\/\/dorotheebegue.com\/en\/wp-json\/wp\/v2\/comments?post=75"}],"version-history":[{"count":170,"href":"https:\/\/dorotheebegue.com\/en\/wp-json\/wp\/v2\/pages\/75\/revisions"}],"predecessor-version":[{"id":1653,"href":"https:\/\/dorotheebegue.com\/en\/wp-json\/wp\/v2\/pages\/75\/revisions\/1653"}],"wp:attachment":[{"href":"https:\/\/dorotheebegue.com\/en\/wp-json\/wp\/v2\/media?parent=75"}],"curies":[{"name":"wp","href":"https:\/\/api.w.org\/{rel}","templated":true}]}}